{"id":8027,"date":"2024-11-01T14:34:59","date_gmt":"2024-11-01T13:34:59","guid":{"rendered":"https:\/\/fitofarm.mk\/product\/bella-krem-vitaminik-per-femije-me-vitamina-a-e-dhe-ekstrakt-te-kalendules-50ml\/"},"modified":"2026-07-14T13:12:11","modified_gmt":"2026-07-14T11:12:11","slug":"bella-krem-vitaminik-per-femije-me-vitamina-a-e-dhe-ekstrakt-te-kalendules-50ml","status":"publish","type":"product","link":"https:\/\/fitofarm.mk\/sq\/product\/bella-krem-vitaminik-per-femije-me-vitamina-a-e-dhe-ekstrakt-te-kalendules-50ml\/","title":{"rendered":"Bella krem vitaminik p\u00ebr f\u00ebmij\u00eb me vitamina A+E dhe ekstrakt t\u00eb kalendul\u00ebs 50ml"},"content":{"rendered":"<p>Kujdes dhe mbrojtje natyrale p\u00ebr l\u00ebkur\u00ebn m\u00eb delikate t\u00eb bebes. Vaji i kalendul\u00ebs ka nj\u00eb efekt anti-inflamator dhe qet\u00ebsues n\u00eb l\u00ebkur\u00ebn e irrituar t\u00eb bebes. Vaji i kalendul\u00ebs ka nj\u00eb efekt anti-inflamator dhe qet\u00ebsues n\u00eb l\u00ebkur\u00ebn e irrituar t\u00eb bebes. Ushqen dhe rigjeneron l\u00ebkur\u00ebn. Nuk p\u00ebrmban parabene. \u00cbsht\u00eb i mir\u00eb p\u00ebr kujdesin e p\u00ebrditsh\u00ebm t\u00eb l\u00ebkur\u00ebs.<\/p>\n","protected":false},"excerpt":{"rendered":"<p>E pasuruar me vitamina A dhe E dhe ekstrakt t\u00eb kalendul\u00ebs.<br \/>\nRekomandohet p\u00ebr mbrojtjen e l\u00ebkur\u00ebs s\u00eb bebes nga irritimet. E b\u00ebn l\u00ebkur\u00ebn t\u00eb but\u00eb dhe elastike, nd\u00ebrkoh\u00eb q\u00eb e qet\u00ebson dhe e rigjeneron. Kremi aplikohet n\u00eb l\u00ebkur\u00eb t\u00eb past\u00ebr dhe t\u00eb that\u00eb gjat\u00eb \u00e7do nd\u00ebrrimi t\u00eb pelenave.<\/p>\n","protected":false},"featured_media":8031,"menu_order":0,"template":"","meta":[],"etheme_brands":[],"product_brand":[],"product_cat":[376],"product_tag":[],"class_list":["post-8027","product","type-product","status-publish","has-post-thumbnail","product_cat-kujdesi-pyor-fyomijyo","first","instock","shipping-taxable","product-type-simple"],"yoast_head":"<!-- This site is optimized with the Yoast SEO plugin v23.9 - https:\/\/yoast.com\/wordpress\/plugins\/seo\/ -->\n<title>Bella krem vitaminik p\u00ebr f\u00ebmij\u00eb me vitamina A+E dhe ekstrakt t\u00eb kalendul\u00ebs 50ml - \u0424\u0438\u0442\u043e\u0444\u0430\u0440\u043c<\/title>\n<meta name=\"robots\" content=\"index, follow, max-snippet:-1, max-image-preview:large, max-video-preview:-1\" \/>\n<link rel=\"canonical\" href=\"https:\/\/fitofarm.mk\/sq\/product\/bella-krem-vitaminik-per-femije-me-vitamina-a-e-dhe-ekstrakt-te-kalendules-50ml\/\" \/>\n<meta property=\"og:locale\" content=\"sq_AL\" \/>\n<meta property=\"og:type\" content=\"article\" \/>\n<meta property=\"og:title\" content=\"Bella krem vitaminik p\u00ebr f\u00ebmij\u00eb me vitamina A+E dhe ekstrakt t\u00eb kalendul\u00ebs 50ml - \u0424\u0438\u0442\u043e\u0444\u0430\u0440\u043c\" \/>\n<meta property=\"og:description\" content=\"Kujdes dhe mbrojtje natyrale p\u00ebr l\u00ebkur\u00ebn m\u00eb delikate t\u00eb bebes. Vaji i kalendul\u00ebs ka nj\u00eb efekt anti-inflamator dhe qet\u00ebsues n\u00eb l\u00ebkur\u00ebn e irrituar t\u00eb bebes. Leht\u00ebson dhe mbron nga skuqjet e pelenave. Ushqen dhe rigjeneron l\u00ebkur\u00ebn. Nuk p\u00ebrmban parabene. I p\u00ebrshtatsh\u00ebm p\u00ebr kujdesin e p\u00ebrditsh\u00ebm t\u00eb l\u00ebkur\u00ebs.\" \/>\n<meta property=\"og:url\" content=\"https:\/\/fitofarm.mk\/sq\/product\/bella-krem-vitaminik-per-femije-me-vitamina-a-e-dhe-ekstrakt-te-kalendules-50ml\/\" \/>\n<meta property=\"og:site_name\" content=\"\u0424\u0438\u0442\u043e\u0444\u0430\u0440\u043c\" \/>\n<meta property=\"article:publisher\" content=\"https:\/\/www.facebook.com\/fitofarm\" \/>\n<meta property=\"article:modified_time\" content=\"2026-07-14T11:12:11+00:00\" \/>\n<meta property=\"og:image\" content=\"https:\/\/fitofarm.mk\/wp-content\/uploads\/2024\/11\/bella-bebeska-krema.jpg\" \/>\n<meta name=\"twitter:card\" content=\"summary_large_image\" \/>\n<script type=\"application\/ld+json\" class=\"yoast-schema-graph\">{\"@context\":\"https:\/\/schema.org\",\"@graph\":[{\"@type\":\"WebPage\",\"@id\":\"https:\/\/fitofarm.mk\/sq\/product\/bella-krem-vitaminik-per-femije-me-vitamina-a-e-dhe-ekstrakt-te-kalendules-50ml\/\",\"url\":\"https:\/\/fitofarm.mk\/sq\/product\/bella-krem-vitaminik-per-femije-me-vitamina-a-e-dhe-ekstrakt-te-kalendules-50ml\/\",\"name\":\"Bella krem vitaminik p\u00ebr f\u00ebmij\u00eb me vitamina A+E dhe ekstrakt t\u00eb kalendul\u00ebs 50ml - \u0424\u0438\u0442\u043e\u0444\u0430\u0440\u043c\",\"isPartOf\":{\"@id\":\"https:\/\/fitofarm.mk\/#website\"},\"primaryImageOfPage\":{\"@id\":\"https:\/\/fitofarm.mk\/sq\/product\/bella-krem-vitaminik-per-femije-me-vitamina-a-e-dhe-ekstrakt-te-kalendules-50ml\/#primaryimage\"},\"image\":{\"@id\":\"https:\/\/fitofarm.mk\/sq\/product\/bella-krem-vitaminik-per-femije-me-vitamina-a-e-dhe-ekstrakt-te-kalendules-50ml\/#primaryimage\"},\"thumbnailUrl\":\"https:\/\/fitofarm.mk\/wp-content\/uploads\/2024\/11\/bellakrem_50ml.webp\",\"datePublished\":\"2024-11-01T13:34:59+00:00\",\"dateModified\":\"2026-07-14T11:12:11+00:00\",\"breadcrumb\":{\"@id\":\"https:\/\/fitofarm.mk\/sq\/product\/bella-krem-vitaminik-per-femije-me-vitamina-a-e-dhe-ekstrakt-te-kalendules-50ml\/#breadcrumb\"},\"inLanguage\":\"sq-AL\",\"potentialAction\":[{\"@type\":\"ReadAction\",\"target\":[\"https:\/\/fitofarm.mk\/sq\/product\/bella-krem-vitaminik-per-femije-me-vitamina-a-e-dhe-ekstrakt-te-kalendules-50ml\/\"]}]},{\"@type\":\"ImageObject\",\"inLanguage\":\"sq-AL\",\"@id\":\"https:\/\/fitofarm.mk\/sq\/product\/bella-krem-vitaminik-per-femije-me-vitamina-a-e-dhe-ekstrakt-te-kalendules-50ml\/#primaryimage\",\"url\":\"https:\/\/fitofarm.mk\/wp-content\/uploads\/2024\/11\/bellakrem_50ml.webp\",\"contentUrl\":\"https:\/\/fitofarm.mk\/wp-content\/uploads\/2024\/11\/bellakrem_50ml.webp\",\"width\":1000,\"height\":1000},{\"@type\":\"BreadcrumbList\",\"@id\":\"https:\/\/fitofarm.mk\/sq\/product\/bella-krem-vitaminik-per-femije-me-vitamina-a-e-dhe-ekstrakt-te-kalendules-50ml\/#breadcrumb\",\"itemListElement\":[{\"@type\":\"ListItem\",\"position\":1,\"name\":\"\u041f\u043e\u0447\u0435\u0442\u043d\u0430\",\"item\":\"https:\/\/fitofarm.mk\/\"},{\"@type\":\"ListItem\",\"position\":2,\"name\":\"Produkte\",\"item\":\"https:\/\/fitofarm.mk\/produkte\/\"},{\"@type\":\"ListItem\",\"position\":3,\"name\":\"Bella krem vitaminik p\u00ebr f\u00ebmij\u00eb me vitamina A+E dhe ekstrakt t\u00eb kalendul\u00ebs 50ml\"}]},{\"@type\":\"WebSite\",\"@id\":\"https:\/\/fitofarm.mk\/#website\",\"url\":\"https:\/\/fitofarm.mk\/\",\"name\":\"\u0424\u0438\u0442\u043e\u0444\u0430\u0440\u043c\",\"description\":\"\u0421\u0438\u043b\u0430\u0442\u0430 \u043d\u0430 \u043f\u0440\u0438\u0440\u043e\u0434\u0430\u0442\u0430, \u0443\u0441\u043e\u0432\u0440\u0448\u0435\u043d\u0430 \u0441\u043e \u043d\u0430\u0443\u043a\u0430\u0442\u0430. \u0424\u0430\u0440\u043c\u0430\u0446\u0435\u0432\u0442\u0441\u043a\u0430 \u043a\u043e\u043c\u043f\u0430\u043d\u0438\u0458\u0430 \u043e\u0441\u043d\u043e\u0432\u0430\u043d\u0430 \u0432\u043e 1989 \u0433\u043e\u0434\u0438\u043d\u0430.\",\"publisher\":{\"@id\":\"https:\/\/fitofarm.mk\/#organization\"},\"potentialAction\":[{\"@type\":\"SearchAction\",\"target\":{\"@type\":\"EntryPoint\",\"urlTemplate\":\"https:\/\/fitofarm.mk\/?s={search_term_string}\"},\"query-input\":{\"@type\":\"PropertyValueSpecification\",\"valueRequired\":true,\"valueName\":\"search_term_string\"}}],\"inLanguage\":\"sq-AL\"},{\"@type\":\"Organization\",\"@id\":\"https:\/\/fitofarm.mk\/#organization\",\"name\":\"\u0424\u0438\u0442\u043e\u0444\u0430\u0440\u043c\",\"url\":\"https:\/\/fitofarm.mk\/\",\"logo\":{\"@type\":\"ImageObject\",\"inLanguage\":\"sq-AL\",\"@id\":\"https:\/\/fitofarm.mk\/#\/schema\/logo\/image\/\",\"url\":\"https:\/\/fitofarm.mk\/wp-content\/uploads\/2020\/10\/FitoFarmLogo.png\",\"contentUrl\":\"https:\/\/fitofarm.mk\/wp-content\/uploads\/2020\/10\/FitoFarmLogo.png\",\"width\":427,\"height\":67,\"caption\":\"\u0424\u0438\u0442\u043e\u0444\u0430\u0440\u043c\"},\"image\":{\"@id\":\"https:\/\/fitofarm.mk\/#\/schema\/logo\/image\/\"},\"sameAs\":[\"https:\/\/www.facebook.com\/fitofarm\"]}]}<\/script>\n<!-- \/ Yoast SEO plugin. -->","yoast_head_json":{"title":"Bella krem vitaminik p\u00ebr f\u00ebmij\u00eb me vitamina A+E dhe ekstrakt t\u00eb kalendul\u00ebs 50ml - \u0424\u0438\u0442\u043e\u0444\u0430\u0440\u043c","robots":{"index":"index","follow":"follow","max-snippet":"max-snippet:-1","max-image-preview":"max-image-preview:large","max-video-preview":"max-video-preview:-1"},"canonical":"https:\/\/fitofarm.mk\/sq\/product\/bella-krem-vitaminik-per-femije-me-vitamina-a-e-dhe-ekstrakt-te-kalendules-50ml\/","og_locale":"sq_AL","og_type":"article","og_title":"Bella krem vitaminik p\u00ebr f\u00ebmij\u00eb me vitamina A+E dhe ekstrakt t\u00eb kalendul\u00ebs 50ml - \u0424\u0438\u0442\u043e\u0444\u0430\u0440\u043c","og_description":"Kujdes dhe mbrojtje natyrale p\u00ebr l\u00ebkur\u00ebn m\u00eb delikate t\u00eb bebes. Vaji i kalendul\u00ebs ka nj\u00eb efekt anti-inflamator dhe qet\u00ebsues n\u00eb l\u00ebkur\u00ebn e irrituar t\u00eb bebes. Leht\u00ebson dhe mbron nga skuqjet e pelenave. Ushqen dhe rigjeneron l\u00ebkur\u00ebn. Nuk p\u00ebrmban parabene. I p\u00ebrshtatsh\u00ebm p\u00ebr kujdesin e p\u00ebrditsh\u00ebm t\u00eb l\u00ebkur\u00ebs.","og_url":"https:\/\/fitofarm.mk\/sq\/product\/bella-krem-vitaminik-per-femije-me-vitamina-a-e-dhe-ekstrakt-te-kalendules-50ml\/","og_site_name":"\u0424\u0438\u0442\u043e\u0444\u0430\u0440\u043c","article_publisher":"https:\/\/www.facebook.com\/fitofarm","article_modified_time":"2026-07-14T11:12:11+00:00","og_image":[{"url":"https:\/\/fitofarm.mk\/wp-content\/uploads\/2024\/11\/bella-bebeska-krema.jpg"}],"twitter_card":"summary_large_image","schema":{"@context":"https:\/\/schema.org","@graph":[{"@type":"WebPage","@id":"https:\/\/fitofarm.mk\/sq\/product\/bella-krem-vitaminik-per-femije-me-vitamina-a-e-dhe-ekstrakt-te-kalendules-50ml\/","url":"https:\/\/fitofarm.mk\/sq\/product\/bella-krem-vitaminik-per-femije-me-vitamina-a-e-dhe-ekstrakt-te-kalendules-50ml\/","name":"Bella krem vitaminik p\u00ebr f\u00ebmij\u00eb me vitamina A+E dhe ekstrakt t\u00eb kalendul\u00ebs 50ml - \u0424\u0438\u0442\u043e\u0444\u0430\u0440\u043c","isPartOf":{"@id":"https:\/\/fitofarm.mk\/#website"},"primaryImageOfPage":{"@id":"https:\/\/fitofarm.mk\/sq\/product\/bella-krem-vitaminik-per-femije-me-vitamina-a-e-dhe-ekstrakt-te-kalendules-50ml\/#primaryimage"},"image":{"@id":"https:\/\/fitofarm.mk\/sq\/product\/bella-krem-vitaminik-per-femije-me-vitamina-a-e-dhe-ekstrakt-te-kalendules-50ml\/#primaryimage"},"thumbnailUrl":"https:\/\/fitofarm.mk\/wp-content\/uploads\/2024\/11\/bellakrem_50ml.webp","datePublished":"2024-11-01T13:34:59+00:00","dateModified":"2026-07-14T11:12:11+00:00","breadcrumb":{"@id":"https:\/\/fitofarm.mk\/sq\/product\/bella-krem-vitaminik-per-femije-me-vitamina-a-e-dhe-ekstrakt-te-kalendules-50ml\/#breadcrumb"},"inLanguage":"sq-AL","potentialAction":[{"@type":"ReadAction","target":["https:\/\/fitofarm.mk\/sq\/product\/bella-krem-vitaminik-per-femije-me-vitamina-a-e-dhe-ekstrakt-te-kalendules-50ml\/"]}]},{"@type":"ImageObject","inLanguage":"sq-AL","@id":"https:\/\/fitofarm.mk\/sq\/product\/bella-krem-vitaminik-per-femije-me-vitamina-a-e-dhe-ekstrakt-te-kalendules-50ml\/#primaryimage","url":"https:\/\/fitofarm.mk\/wp-content\/uploads\/2024\/11\/bellakrem_50ml.webp","contentUrl":"https:\/\/fitofarm.mk\/wp-content\/uploads\/2024\/11\/bellakrem_50ml.webp","width":1000,"height":1000},{"@type":"BreadcrumbList","@id":"https:\/\/fitofarm.mk\/sq\/product\/bella-krem-vitaminik-per-femije-me-vitamina-a-e-dhe-ekstrakt-te-kalendules-50ml\/#breadcrumb","itemListElement":[{"@type":"ListItem","position":1,"name":"\u041f\u043e\u0447\u0435\u0442\u043d\u0430","item":"https:\/\/fitofarm.mk\/"},{"@type":"ListItem","position":2,"name":"Produkte","item":"https:\/\/fitofarm.mk\/produkte\/"},{"@type":"ListItem","position":3,"name":"Bella krem vitaminik p\u00ebr f\u00ebmij\u00eb me vitamina A+E dhe ekstrakt t\u00eb kalendul\u00ebs 50ml"}]},{"@type":"WebSite","@id":"https:\/\/fitofarm.mk\/#website","url":"https:\/\/fitofarm.mk\/","name":"\u0424\u0438\u0442\u043e\u0444\u0430\u0440\u043c","description":"\u0421\u0438\u043b\u0430\u0442\u0430 \u043d\u0430 \u043f\u0440\u0438\u0440\u043e\u0434\u0430\u0442\u0430, \u0443\u0441\u043e\u0432\u0440\u0448\u0435\u043d\u0430 \u0441\u043e \u043d\u0430\u0443\u043a\u0430\u0442\u0430. \u0424\u0430\u0440\u043c\u0430\u0446\u0435\u0432\u0442\u0441\u043a\u0430 \u043a\u043e\u043c\u043f\u0430\u043d\u0438\u0458\u0430 \u043e\u0441\u043d\u043e\u0432\u0430\u043d\u0430 \u0432\u043e 1989 \u0433\u043e\u0434\u0438\u043d\u0430.","publisher":{"@id":"https:\/\/fitofarm.mk\/#organization"},"potentialAction":[{"@type":"SearchAction","target":{"@type":"EntryPoint","urlTemplate":"https:\/\/fitofarm.mk\/?s={search_term_string}"},"query-input":{"@type":"PropertyValueSpecification","valueRequired":true,"valueName":"search_term_string"}}],"inLanguage":"sq-AL"},{"@type":"Organization","@id":"https:\/\/fitofarm.mk\/#organization","name":"\u0424\u0438\u0442\u043e\u0444\u0430\u0440\u043c","url":"https:\/\/fitofarm.mk\/","logo":{"@type":"ImageObject","inLanguage":"sq-AL","@id":"https:\/\/fitofarm.mk\/#\/schema\/logo\/image\/","url":"https:\/\/fitofarm.mk\/wp-content\/uploads\/2020\/10\/FitoFarmLogo.png","contentUrl":"https:\/\/fitofarm.mk\/wp-content\/uploads\/2020\/10\/FitoFarmLogo.png","width":427,"height":67,"caption":"\u0424\u0438\u0442\u043e\u0444\u0430\u0440\u043c"},"image":{"@id":"https:\/\/fitofarm.mk\/#\/schema\/logo\/image\/"},"sameAs":["https:\/\/www.facebook.com\/fitofarm"]}]}},"_links":{"self":[{"href":"https:\/\/fitofarm.mk\/sq\/wp-json\/wp\/v2\/product\/8027","targetHints":{"allow":["GET"]}}],"collection":[{"href":"https:\/\/fitofarm.mk\/sq\/wp-json\/wp\/v2\/product"}],"about":[{"href":"https:\/\/fitofarm.mk\/sq\/wp-json\/wp\/v2\/types\/product"}],"version-history":[{"count":1,"href":"https:\/\/fitofarm.mk\/sq\/wp-json\/wp\/v2\/product\/8027\/revisions"}],"predecessor-version":[{"id":8034,"href":"https:\/\/fitofarm.mk\/sq\/wp-json\/wp\/v2\/product\/8027\/revisions\/8034"}],"wp:featuredmedia":[{"embeddable":true,"href":"https:\/\/fitofarm.mk\/sq\/wp-json\/wp\/v2\/media\/8031"}],"wp:attachment":[{"href":"https:\/\/fitofarm.mk\/sq\/wp-json\/wp\/v2\/media?parent=8027"}],"wp:term":[{"taxonomy":"brand","embeddable":true,"href":"https:\/\/fitofarm.mk\/sq\/wp-json\/wp\/v2\/etheme_brands?post=8027"},{"taxonomy":"product_brand","embeddable":true,"href":"https:\/\/fitofarm.mk\/sq\/wp-json\/wp\/v2\/product_brand?post=8027"},{"taxonomy":"product_cat","embeddable":true,"href":"https:\/\/fitofarm.mk\/sq\/wp-json\/wp\/v2\/product_cat?post=8027"},{"taxonomy":"product_tag","embeddable":true,"href":"https:\/\/fitofarm.mk\/sq\/wp-json\/wp\/v2\/product_tag?post=8027"}],"curies":[{"name":"wp","href":"https:\/\/api.w.org\/{rel}","templated":true}]}}